{"id":7,"date":"2020-09-10T17:22:34","date_gmt":"2020-09-10T15:22:34","guid":{"rendered":"http:\/\/siljamotullo.com\/?page_id=7"},"modified":"2020-11-12T13:48:30","modified_gmt":"2020-11-12T12:48:30","slug":"aboutme","status":"publish","type":"page","link":"https:\/\/siljamotullo.com\/de\/aboutme\/","title":{"rendered":"Hallo, darf ich mich vorstellen?"},"content":{"rendered":"<p>Mein Name ist <strong>Silja<\/strong>.<\/p>\n\n\n\n<p>Ich liebe es einfach, <strong>sch\u00f6ne<\/strong> <strong>Dinge<\/strong> zu erschaffen.<\/p>\n\n\n\n<figure class=\"wp-block-image size-large\"><img loading=\"lazy\" width=\"1024\" height=\"683\" src=\"http:\/\/siljamotullo.com\/wp-content\/uploads\/2020\/09\/Vor-dem-Regal_02-1024x683.jpg\" alt=\"\" class=\"wp-image-85\" srcset=\"https:\/\/siljamotullo.com\/wp-content\/uploads\/2020\/09\/Vor-dem-Regal_02-1024x683.jpg 1024w, https:\/\/siljamotullo.com\/wp-content\/uploads\/2020\/09\/Vor-dem-Regal_02-600x400.jpg 600w, https:\/\/siljamotullo.com\/wp-content\/uploads\/2020\/09\/Vor-dem-Regal_02-300x200.jpg 300w, https:\/\/siljamotullo.com\/wp-content\/uploads\/2020\/09\/Vor-dem-Regal_02-768x512.jpg 768w, https:\/\/siljamotullo.com\/wp-content\/uploads\/2020\/09\/Vor-dem-Regal_02-1536x1024.jpg 1536w, https:\/\/siljamotullo.com\/wp-content\/uploads\/2020\/09\/Vor-dem-Regal_02-1200x800.jpg 1200w, https:\/\/siljamotullo.com\/wp-content\/uploads\/2020\/09\/Vor-dem-Regal_02.jpg 1800w\" sizes=\"(max-width: 1024px) 100vw, 1024px\" \/><\/figure>\n\n\n\n<p>Ich bin freie Illustratorin aus K\u00f6ln. Meine kleine gro\u00dfe Mission ist es, Illustrationen zu erschaffen, die Leuten ein gutes Gef\u00fchl geben oder sie sogar zum L\u00e4cheln bringen.<\/p>\n\n\n\n<p>I live and love life in Cologne, one of the major cities of Germany, with my husband and our three incredibly sweet children.<\/p>\n\n\n\n<p>Wenn du mich fragen w\u00fcrdest, welche Technik ich bevorzuge: digital oder analog zu zeichnen, ich k\u00f6nnte nicht entscheiden. W\u00e4hrend digitales Zeichnen eine gro\u00dfartige Flexibilit\u00e4t und Geschwindigkeit bietet, hat das Arbeiten mit Pinseln auf echtem Papier, mit seiner Struktur und das Mischen der Farben seinen ganz eigenen Reiz. Ich liebe beides! Mein Atelier befindet sich in der K\u00f6lner S\u00fcdstadt, einem sehr lebhaften, bunten Veedel. Ich liebe diesen Charakter!<\/p>\n\n\n\n<figure class=\"wp-block-image size-large\"><img loading=\"lazy\" width=\"1024\" height=\"683\" src=\"http:\/\/siljamotullo.com\/wp-content\/uploads\/2020\/09\/Am-Tisch-von-hinten_04-1024x683.jpg\" alt=\"\" class=\"wp-image-91\" srcset=\"https:\/\/siljamotullo.com\/wp-content\/uploads\/2020\/09\/Am-Tisch-von-hinten_04-1024x683.jpg 1024w, https:\/\/siljamotullo.com\/wp-content\/uploads\/2020\/09\/Am-Tisch-von-hinten_04-600x400.jpg 600w, https:\/\/siljamotullo.com\/wp-content\/uploads\/2020\/09\/Am-Tisch-von-hinten_04-300x200.jpg 300w, https:\/\/siljamotullo.com\/wp-content\/uploads\/2020\/09\/Am-Tisch-von-hinten_04-768x512.jpg 768w, https:\/\/siljamotullo.com\/wp-content\/uploads\/2020\/09\/Am-Tisch-von-hinten_04-1536x1024.jpg 1536w, https:\/\/siljamotullo.com\/wp-content\/uploads\/2020\/09\/Am-Tisch-von-hinten_04-1200x800.jpg 1200w, https:\/\/siljamotullo.com\/wp-content\/uploads\/2020\/09\/Am-Tisch-von-hinten_04.jpg 1600w\" sizes=\"(max-width: 1024px) 100vw, 1024px\" \/><\/figure>\n\n\n\n<figure class=\"wp-block-gallery columns-3 is-cropped\"><ul class=\"blocks-gallery-grid\"><li class=\"blocks-gallery-item\"><figure><img loading=\"lazy\" width=\"1024\" height=\"683\" src=\"http:\/\/siljamotullo.com\/wp-content\/uploads\/2020\/09\/Am-Tisch-von-hinten_01-1024x683.jpg\" alt=\"\" data-id=\"87\" data-full-url=\"http:\/\/siljamotullo.com\/wp-content\/uploads\/2020\/09\/Am-Tisch-von-hinten_01.jpg\" data-link=\"http:\/\/siljamotullo.com\/am-tisch-von-hinten_01\/\" class=\"wp-image-87\" srcset=\"https:\/\/siljamotullo.com\/wp-content\/uploads\/2020\/09\/Am-Tisch-von-hinten_01-1024x683.jpg 1024w, https:\/\/siljamotullo.com\/wp-content\/uploads\/2020\/09\/Am-Tisch-von-hinten_01-600x400.jpg 600w, https:\/\/siljamotullo.com\/wp-content\/uploads\/2020\/09\/Am-Tisch-von-hinten_01-300x200.jpg 300w, https:\/\/siljamotullo.com\/wp-content\/uploads\/2020\/09\/Am-Tisch-von-hinten_01-768x512.jpg 768w, https:\/\/siljamotullo.com\/wp-content\/uploads\/2020\/09\/Am-Tisch-von-hinten_01-1536x1024.jpg 1536w, https:\/\/siljamotullo.com\/wp-content\/uploads\/2020\/09\/Am-Tisch-von-hinten_01-1200x800.jpg 1200w, https:\/\/siljamotullo.com\/wp-content\/uploads\/2020\/09\/Am-Tisch-von-hinten_01.jpg 1600w\" sizes=\"(max-width: 1024px) 100vw, 1024px\" \/><\/figure><\/li><li class=\"blocks-gallery-item\"><figure><img loading=\"lazy\" width=\"1024\" height=\"683\" src=\"http:\/\/siljamotullo.com\/wp-content\/uploads\/2020\/09\/Am-Tisch-von-hinten_03-1024x683.jpg\" alt=\"\" data-id=\"90\" data-full-url=\"http:\/\/siljamotullo.com\/wp-content\/uploads\/2020\/09\/Am-Tisch-von-hinten_03.jpg\" data-link=\"http:\/\/siljamotullo.com\/am-tisch-von-hinten_03\/\" class=\"wp-image-90\" srcset=\"https:\/\/siljamotullo.com\/wp-content\/uploads\/2020\/09\/Am-Tisch-von-hinten_03-1024x683.jpg 1024w, https:\/\/siljamotullo.com\/wp-content\/uploads\/2020\/09\/Am-Tisch-von-hinten_03-600x400.jpg 600w, https:\/\/siljamotullo.com\/wp-content\/uploads\/2020\/09\/Am-Tisch-von-hinten_03-300x200.jpg 300w, https:\/\/siljamotullo.com\/wp-content\/uploads\/2020\/09\/Am-Tisch-von-hinten_03-768x512.jpg 768w, https:\/\/siljamotullo.com\/wp-content\/uploads\/2020\/09\/Am-Tisch-von-hinten_03-1536x1024.jpg 1536w, https:\/\/siljamotullo.com\/wp-content\/uploads\/2020\/09\/Am-Tisch-von-hinten_03-1200x800.jpg 1200w, https:\/\/siljamotullo.com\/wp-content\/uploads\/2020\/09\/Am-Tisch-von-hinten_03.jpg 1600w\" sizes=\"(max-width: 1024px) 100vw, 1024px\" \/><\/figure><\/li><li class=\"blocks-gallery-item\"><figure><img loading=\"lazy\" width=\"1024\" height=\"683\" src=\"http:\/\/siljamotullo.com\/wp-content\/uploads\/2020\/09\/Vor-dem-Schreibtisch_07-1024x683.jpg\" alt=\"\" data-id=\"92\" data-full-url=\"http:\/\/siljamotullo.com\/wp-content\/uploads\/2020\/09\/Vor-dem-Schreibtisch_07.jpg\" data-link=\"http:\/\/siljamotullo.com\/vor-dem-schreibtisch_07\/\" class=\"wp-image-92\" srcset=\"https:\/\/siljamotullo.com\/wp-content\/uploads\/2020\/09\/Vor-dem-Schreibtisch_07-1024x683.jpg 1024w, https:\/\/siljamotullo.com\/wp-content\/uploads\/2020\/09\/Vor-dem-Schreibtisch_07-600x400.jpg 600w, https:\/\/siljamotullo.com\/wp-content\/uploads\/2020\/09\/Vor-dem-Schreibtisch_07-300x200.jpg 300w, https:\/\/siljamotullo.com\/wp-content\/uploads\/2020\/09\/Vor-dem-Schreibtisch_07-768x512.jpg 768w, https:\/\/siljamotullo.com\/wp-content\/uploads\/2020\/09\/Vor-dem-Schreibtisch_07-1536x1024.jpg 1536w, https:\/\/siljamotullo.com\/wp-content\/uploads\/2020\/09\/Vor-dem-Schreibtisch_07-1200x800.jpg 1200w, https:\/\/siljamotullo.com\/wp-content\/uploads\/2020\/09\/Vor-dem-Schreibtisch_07.jpg 1600w\" sizes=\"(max-width: 1024px) 100vw, 1024px\" \/><\/figure><\/li><\/ul><\/figure>\n\n\n\n<p>Da meine Familie und ich nahezu komplett vegan ern\u00e4hren und versuchen, immer mehr Nachhaltigkeit zu leben, sind dies Themen, die mich besonders bewegen und ich andere Leute gerne inspirieren m\u00f6chte.&nbsp;<\/p>\n\n\n\n<p>My studio is located in the city centre of Cologne &#8211; one of the major cities of Germany. I love the urban flair, its liveliness and character. <\/p>\n\n\n\n<p>I am a badass optimist. I believe in a positive mindset and the possibility to steer one\u2019s own attitude actively. Therefore, anything from affirmations, meditation, yoga and other mindful practices and routines excite me.<\/p>\n\n\n\n<figure class=\"wp-block-image size-large\"><img loading=\"lazy\" width=\"1024\" height=\"683\" src=\"http:\/\/siljamotullo.com\/wp-content\/uploads\/2020\/09\/Am-Tisch-mit-ipad_01-1024x683.jpg\" alt=\"\" class=\"wp-image-93\" srcset=\"https:\/\/siljamotullo.com\/wp-content\/uploads\/2020\/09\/Am-Tisch-mit-ipad_01-1024x683.jpg 1024w, https:\/\/siljamotullo.com\/wp-content\/uploads\/2020\/09\/Am-Tisch-mit-ipad_01-600x400.jpg 600w, https:\/\/siljamotullo.com\/wp-content\/uploads\/2020\/09\/Am-Tisch-mit-ipad_01-300x200.jpg 300w, https:\/\/siljamotullo.com\/wp-content\/uploads\/2020\/09\/Am-Tisch-mit-ipad_01-768x512.jpg 768w, https:\/\/siljamotullo.com\/wp-content\/uploads\/2020\/09\/Am-Tisch-mit-ipad_01-1536x1024.jpg 1536w, https:\/\/siljamotullo.com\/wp-content\/uploads\/2020\/09\/Am-Tisch-mit-ipad_01-1200x800.jpg 1200w, https:\/\/siljamotullo.com\/wp-content\/uploads\/2020\/09\/Am-Tisch-mit-ipad_01.jpg 1600w\" sizes=\"(max-width: 1024px) 100vw, 1024px\" \/><\/figure>\n\n\n\n<figure class=\"wp-block-gallery columns-2 is-cropped\"><ul class=\"blocks-gallery-grid\"><li class=\"blocks-gallery-item\"><figure><img loading=\"lazy\" width=\"1024\" height=\"683\" src=\"http:\/\/siljamotullo.com\/wp-content\/uploads\/2020\/09\/Am-Tisch-mit-ipad_02-1024x683.jpg\" alt=\"\" data-id=\"89\" data-full-url=\"http:\/\/siljamotullo.com\/wp-content\/uploads\/2020\/09\/Am-Tisch-mit-ipad_02.jpg\" data-link=\"http:\/\/siljamotullo.com\/am-tisch-mit-ipad_02\/\" class=\"wp-image-89\" srcset=\"https:\/\/siljamotullo.com\/wp-content\/uploads\/2020\/09\/Am-Tisch-mit-ipad_02-1024x683.jpg 1024w, https:\/\/siljamotullo.com\/wp-content\/uploads\/2020\/09\/Am-Tisch-mit-ipad_02-600x400.jpg 600w, https:\/\/siljamotullo.com\/wp-content\/uploads\/2020\/09\/Am-Tisch-mit-ipad_02-300x200.jpg 300w, https:\/\/siljamotullo.com\/wp-content\/uploads\/2020\/09\/Am-Tisch-mit-ipad_02-768x512.jpg 768w, https:\/\/siljamotullo.com\/wp-content\/uploads\/2020\/09\/Am-Tisch-mit-ipad_02-1536x1024.jpg 1536w, https:\/\/siljamotullo.com\/wp-content\/uploads\/2020\/09\/Am-Tisch-mit-ipad_02-1200x800.jpg 1200w, https:\/\/siljamotullo.com\/wp-content\/uploads\/2020\/09\/Am-Tisch-mit-ipad_02.jpg 1600w\" sizes=\"(max-width: 1024px) 100vw, 1024px\" \/><\/figure><\/li><li class=\"blocks-gallery-item\"><figure><img loading=\"lazy\" width=\"683\" height=\"1024\" src=\"http:\/\/siljamotullo.com\/wp-content\/uploads\/2020\/09\/Am-Tisch-mit-ipad_03-683x1024.jpg\" alt=\"\" data-id=\"82\" data-full-url=\"http:\/\/siljamotullo.com\/wp-content\/uploads\/2020\/09\/Am-Tisch-mit-ipad_03.jpg\" data-link=\"http:\/\/siljamotullo.com\/am-tisch-mit-ipad_03\/\" class=\"wp-image-82\" srcset=\"https:\/\/siljamotullo.com\/wp-content\/uploads\/2020\/09\/Am-Tisch-mit-ipad_03-683x1024.jpg 683w, https:\/\/siljamotullo.com\/wp-content\/uploads\/2020\/09\/Am-Tisch-mit-ipad_03-600x900.jpg 600w, https:\/\/siljamotullo.com\/wp-content\/uploads\/2020\/09\/Am-Tisch-mit-ipad_03-200x300.jpg 200w, https:\/\/siljamotullo.com\/wp-content\/uploads\/2020\/09\/Am-Tisch-mit-ipad_03-768x1152.jpg 768w, https:\/\/siljamotullo.com\/wp-content\/uploads\/2020\/09\/Am-Tisch-mit-ipad_03-1024x1536.jpg 1024w, https:\/\/siljamotullo.com\/wp-content\/uploads\/2020\/09\/Am-Tisch-mit-ipad_03-1365x2048.jpg 1365w, https:\/\/siljamotullo.com\/wp-content\/uploads\/2020\/09\/Am-Tisch-mit-ipad_03-1200x1800.jpg 1200w, https:\/\/siljamotullo.com\/wp-content\/uploads\/2020\/09\/Am-Tisch-mit-ipad_03.jpg 1600w\" sizes=\"(max-width: 683px) 100vw, 683px\" \/><\/figure><\/li><\/ul><\/figure>\n\n\n\n<p>Originally I am from the very North of Germany. We call it a &#8220;Nordlicht&#8221; (a &#8220;north light&#8221;).  During my studies in Germany, I went to study abroad in the U.S. and in Argentina, and also spent some time in London and Barcelona. Therefore, besides my mother tongue German, I speak English and Spanish fluently and love to get in touch with creatives from allover the world.<\/p>","protected":false},"excerpt":{"rendered":"<p>Hi, I\u2019m Silja. I just like to make beautiful things. I am a freelance illustrator based in Cologne, Germany. My personal motivation is to create illustrations, that make people feel good and smile. I live and love life in Cologne, one of the major cities of Germany, with my husband and our three incredibly sweet children. If you asked me what I liked better: drawing digitally or analogue. I can\u2019t decide which I love more. While drawing digitally offers a great flexibility and smoothness, working with watercolor or brush pens on real paper has its own appeal. I love it both! My studio is located in a very lively and picturesque neighborhood of Cologne. I live the atmosphere of the city! As me and my family eat mostly plant-based and try to live more and more eco-friendly, these are topics I personally care about and would love to inspire more people to try.&nbsp; My studio is located in the city centre of Cologne &#8211; one of the major cities of Germany. I love the urban flair, its liveliness and character. I am a badass optimist. I believe in a positive mindset and the possibility to steer one\u2019s own attitude actively. Therefore, anything from affirmations, meditation, yoga and other mindful practices and routines excite me. Originally I am from the very North of Germany. We call it a &#8220;Nordlicht&#8221; (a &#8220;north light&#8221;). During my studies in Germany, I went to study abroad in the U.S. and in Argentina, and also spent some time in London and Barcelona. Therefore, besides my mother tongue German, I speak English and Spanish fluently and love to get in touch with creatives from allover the world.<\/p>","protected":false},"author":1,"featured_media":0,"parent":0,"menu_order":0,"comment_status":"closed","ping_status":"closed","template":"","meta":{"_vp_format_video_url":"","_vp_image_focal_point":[]},"yoast_head":"<!-- This site is optimized with the Yoast SEO plugin v15.8 - https:\/\/yoast.com\/wordpress\/plugins\/seo\/ -->\n<title>A little bit about me |<\/title>\n<meta name=\"robots\" content=\"index, follow, max-snippet:-1, max-image-preview:large, max-video-preview:-1\" \/>\n<link rel=\"canonical\" href=\"https:\/\/siljamotullo.com\/de\/aboutme\/\" \/>\n<meta property=\"og:locale\" content=\"de_DE\" \/>\n<meta property=\"og:type\" content=\"article\" \/>\n<meta property=\"og:title\" content=\"A little bit about me |\" \/>\n<meta property=\"og:description\" content=\"Hi, I\u2019m Silja. I just like to make beautiful things. I am a freelance illustrator based in Cologne, Germany. My personal motivation is to create illustrations, that make people feel good and smile. I live and love life in Cologne, one of the major cities of Germany, with my husband and our three incredibly sweet children. If you asked me what I liked better: drawing digitally or analogue. I can\u2019t decide which I love more. While drawing digitally offers a great flexibility and smoothness, working with watercolor or brush pens on real paper has its own appeal. I love it both! My studio is located in a very lively and picturesque neighborhood of Cologne. I live the atmosphere of the city! As me and my family eat mostly plant-based and try to live more and more eco-friendly, these are topics I personally care about and would love to inspire more people to try.&nbsp; My studio is located in the city centre of Cologne &#8211; one of the major cities of Germany. I love the urban flair, its liveliness and character. I am a badass optimist. I believe in a positive mindset and the possibility to steer one\u2019s own attitude actively. Therefore, anything from affirmations, meditation, yoga and other mindful practices and routines excite me. Originally I am from the very North of Germany. We call it a &#8220;Nordlicht&#8221; (a &#8220;north light&#8221;). During my studies in Germany, I went to study abroad in the U.S. and in Argentina, and also spent some time in London and Barcelona. Therefore, besides my mother tongue German, I speak English and Spanish fluently and love to get in touch with creatives from allover the world.\" \/>\n<meta property=\"og:url\" content=\"https:\/\/siljamotullo.com\/de\/aboutme\/\" \/>\n<meta property=\"article:modified_time\" content=\"2020-11-12T12:48:30+00:00\" \/>\n<meta property=\"og:image\" content=\"http:\/\/siljamotullo.com\/wp-content\/uploads\/2020\/09\/Vor-dem-Regal_02-1024x683.jpg\" \/>\n<meta name=\"twitter:card\" content=\"summary_large_image\" \/>\n<meta name=\"twitter:label1\" content=\"Gesch\u00e4tzte Lesezeit\">\n\t<meta name=\"twitter:data1\" content=\"1\u00a0Minute\">\n<script type=\"application\/ld+json\" class=\"yoast-schema-graph\">{\"@context\":\"https:\/\/schema.org\",\"@graph\":[{\"@type\":[\"Person\",\"Organization\"],\"@id\":\"https:\/\/siljamotullo.com\/#\/schema\/person\/b1b04f9c2ce736e4a2daad216344e196\",\"name\":\"siljamotullo\",\"image\":{\"@type\":\"ImageObject\",\"@id\":\"https:\/\/siljamotullo.com\/#personlogo\",\"inLanguage\":\"de\",\"url\":\"https:\/\/secure.gravatar.com\/avatar\/fcbacb300c4d94f4e2332e3deaa7757f?s=96&d=mm&r=g\",\"caption\":\"siljamotullo\"},\"logo\":{\"@id\":\"https:\/\/siljamotullo.com\/#personlogo\"},\"sameAs\":[\"http:\/\/siljamotullo.com\"]},{\"@type\":\"WebSite\",\"@id\":\"https:\/\/siljamotullo.com\/#website\",\"url\":\"https:\/\/siljamotullo.com\/\",\"name\":\"Illustration & Hand Lettering | Silja Motullo\",\"description\":\"\",\"publisher\":{\"@id\":\"https:\/\/siljamotullo.com\/#\/schema\/person\/b1b04f9c2ce736e4a2daad216344e196\"},\"potentialAction\":[{\"@type\":\"SearchAction\",\"target\":\"https:\/\/siljamotullo.com\/?s={search_term_string}\",\"query-input\":\"required name=search_term_string\"}],\"inLanguage\":\"de\"},{\"@type\":\"ImageObject\",\"@id\":\"https:\/\/siljamotullo.com\/aboutme\/#primaryimage\",\"inLanguage\":\"de\",\"url\":\"http:\/\/siljamotullo.com\/wp-content\/uploads\/2020\/09\/Vor-dem-Regal_02-1024x683.jpg\"},{\"@type\":\"WebPage\",\"@id\":\"https:\/\/siljamotullo.com\/aboutme\/#webpage\",\"url\":\"https:\/\/siljamotullo.com\/aboutme\/\",\"name\":\"A little bit about me |\",\"isPartOf\":{\"@id\":\"https:\/\/siljamotullo.com\/#website\"},\"primaryImageOfPage\":{\"@id\":\"https:\/\/siljamotullo.com\/aboutme\/#primaryimage\"},\"datePublished\":\"2020-09-10T15:22:34+00:00\",\"dateModified\":\"2020-11-12T12:48:30+00:00\",\"breadcrumb\":{\"@id\":\"https:\/\/siljamotullo.com\/aboutme\/#breadcrumb\"},\"inLanguage\":\"de\",\"potentialAction\":[{\"@type\":\"ReadAction\",\"target\":[\"https:\/\/siljamotullo.com\/aboutme\/\"]}]},{\"@type\":\"BreadcrumbList\",\"@id\":\"https:\/\/siljamotullo.com\/aboutme\/#breadcrumb\",\"itemListElement\":[{\"@type\":\"ListItem\",\"position\":1,\"item\":{\"@type\":\"WebPage\",\"@id\":\"https:\/\/siljamotullo.com\/\",\"url\":\"https:\/\/siljamotullo.com\/\",\"name\":\"Home\"}},{\"@type\":\"ListItem\",\"position\":2,\"item\":{\"@type\":\"WebPage\",\"@id\":\"https:\/\/siljamotullo.com\/aboutme\/\",\"url\":\"https:\/\/siljamotullo.com\/aboutme\/\",\"name\":\"A little bit about me\"}}]}]}<\/script>\n<!-- \/ Yoast SEO plugin. -->","_links":{"self":[{"href":"https:\/\/siljamotullo.com\/de\/wp-json\/wp\/v2\/pages\/7"}],"collection":[{"href":"https:\/\/siljamotullo.com\/de\/wp-json\/wp\/v2\/pages"}],"about":[{"href":"https:\/\/siljamotullo.com\/de\/wp-json\/wp\/v2\/types\/page"}],"author":[{"embeddable":true,"href":"https:\/\/siljamotullo.com\/de\/wp-json\/wp\/v2\/users\/1"}],"replies":[{"embeddable":true,"href":"https:\/\/siljamotullo.com\/de\/wp-json\/wp\/v2\/comments?post=7"}],"version-history":[{"count":6,"href":"https:\/\/siljamotullo.com\/de\/wp-json\/wp\/v2\/pages\/7\/revisions"}],"predecessor-version":[{"id":4214,"href":"https:\/\/siljamotullo.com\/de\/wp-json\/wp\/v2\/pages\/7\/revisions\/4214"}],"wp:attachment":[{"href":"https:\/\/siljamotullo.com\/de\/wp-json\/wp\/v2\/media?parent=7"}],"curies":[{"name":"wp","href":"https:\/\/api.w.org\/{rel}","templated":true}]}}